{"id":37496,"date":"2023-11-22T20:58:40","date_gmt":"2023-11-22T19:58:40","guid":{"rendered":"https:\/\/finquesmartell.com\/serveis\/venda-de-pisos-a-barcelona\/"},"modified":"2025-07-22T11:10:15","modified_gmt":"2025-07-22T09:10:15","slug":"venda-de-pisos-a-barcelona","status":"publish","type":"page","link":"https:\/\/finquesmartell.com\/ca\/serveis\/venda-de-pisos-a-barcelona\/","title":{"rendered":"Venda de pisos a Barcelona"},"content":{"rendered":"<div class=\"gb-container gb-container-c0bd6d3f gb-container-seccio\">\n<div class=\"gb-container gb-container-2e2c90bf gb-container-seccio-inner\">\n<div class=\"gb-container gb-container-42f4d18b\">\n\n<h2 class=\"gb-headline gb-headline-5032fe8d gb-headline-text gb-headline-biggest\">Vens un immoble? El teu objectiu \u00e9s el nostre prop\u00f2sit<\/h2>\n\n<\/div>\n\n<div class=\"gb-container gb-container-e5cb305f\">\n\n<p class=\"gb-headline gb-headline-ef64a21c gb-headline-text gb-headline-medium\">Col\u00b7laborem i us assessorem de principi a fi per aconseguir les vostres metes.<\/p>\n\n<\/div>\n\n<div class=\"gb-container gb-container-ea585e7f alignfull\"><\/div>\n<\/div>\n<\/div>\n\n<div class=\"gb-container gb-container-51266ce9 gb-container-seccio\">\n<div class=\"gb-container gb-container-1ab082d9 gb-container-seccio-inner\">\n\n<h2 class=\"gb-headline gb-headline-03e98c6e gb-headline-text gb-headline-normal-plus\">La nostra metodologia<\/h2>\n\n\n<div class=\"gb-container gb-container-dc891b33\"><\/div>\n<\/div>\n\n<div class=\"gb-container gb-container-41e21e23 gb-container-seccio-inner\">\n\n<p style=\"font-size:22px\">La venda de pisos a Barcelona ha esdevingut una activitat din\u00e0mica i en constant evoluci\u00f3, atraient molts compradors, tant locals com internacionals. Finques Martell, amb la seva experi\u00e8ncia i coneixement profund del mercat immobiliari barcelon\u00ed, es posiciona com un aliat estrat\u00e8gic per a aquells que busquen vendre la seva propietat a aquesta ciutat cosmopolita.<\/p>\n\n<\/div>\n<\/div>\n\n<div class=\"gb-container gb-container-caed2447 gb-container-seccio\">\n<div class=\"gb-container gb-container-66e39670 gb-container-seccio-inner\">\n<div class=\"gb-grid-wrapper gb-grid-wrapper-124e63f4\">\n<div class=\"gb-grid-column gb-grid-column-ff4cd2e4\"><div class=\"gb-container gb-container-ff4cd2e4\">\n\n<div class=\"gb-headline gb-headline-e57a2147 gb-headline-text gb-headline-big\" data-title=\"1\">1<\/div>\n\n\n\n<h3 class=\"gb-headline gb-headline-db94ad86 gb-headline-text gb-headline-titol\">Atenci\u00f3 Personalitzada<\/h3>\n\n\n\n<p>A Finques Martell, cada client \u00e9s \u00fanic. Ens centrem en les teves necessitats i objectius espec\u00edfics, cosa que ens permet crear un pla de venda a mida. Aquesta atenci\u00f3 detallada garanteix que les caracter\u00edstiques \u00faniques de la teva propietat siguin destacades i valorades adequadament al mercat.<\/p>\n\n<\/div><\/div>\n\n<div class=\"gb-grid-column gb-grid-column-57c0b6d2\"><div class=\"gb-container gb-container-57c0b6d2\">\n\n<div class=\"gb-headline gb-headline-1900f112 gb-headline-text gb-headline-big\" data-title=\"2\">2<\/div>\n\n\n\n<h3 class=\"gb-headline gb-headline-9e0b0b34 gb-headline-text gb-headline-titol\">M\u00e0rqueting i Publicitat<\/h3>\n\n\n\n<p class=\"gb-headline gb-headline-518faf2d gb-headline-text\">Fem servir una combinaci\u00f3 d&#8217;estrat\u00e8gies de m\u00e0rqueting digital i tradicional. Des de l&#8217;optimitzaci\u00f3 SEO per millorar la visibilitat en l\u00ednia fins a campanyes a xarxes socials i llistats a portals immobiliaris de renom, ens assegurem que la teva propietat arribi al m\u00e0xim nombre de compradors potencials.<\/p>\n\n<\/div><\/div>\n\n<div class=\"gb-grid-column gb-grid-column-dacf95db\"><div class=\"gb-container gb-container-dacf95db\">\n\n<div class=\"gb-headline gb-headline-e919d6d2 gb-headline-text gb-headline-big\" data-title=\"3\">3<\/div>\n\n\n\n<h3 class=\"gb-headline gb-headline-0d15a6c0 gb-headline-text gb-headline-titol\">Valoraci\u00f3 i Preu de Venda<\/h3>\n\n\n\n<p class=\"gb-headline gb-headline-65a81771 gb-headline-text\">Realitzem una an\u00e0lisi exhaustiva del mercat per establir un preu de venda competitiu. Considerem factors com a ubicaci\u00f3, mida, i tend\u00e8ncies del mercat, assegurant que el preu reflecteixi el veritable valor de la teva propietat.<\/p>\n\n<\/div><\/div>\n\n<div class=\"gb-grid-column gb-grid-column-41a067a3\"><div class=\"gb-container gb-container-41a067a3\">\n\n<div class=\"gb-headline gb-headline-b5483a2e gb-headline-text gb-headline-big\" data-title=\"4\">4<\/div>\n\n\n\n<h3 class=\"gb-headline gb-headline-717ec99a gb-headline-text gb-headline-titol\">revaloricaci\u00f3 immoble<\/h3>\n\n\n\n<p class=\"gb-headline gb-headline-09c1ddbb gb-headline-text\">Entenem la import\u00e0ncia de maximitzar el valor de la teva propietat. Per aix\u00f2, oferim propostes de millores i obres per al teu pis, enfocades a augmentar-ne el valor de venda. Identifiquem i realitzem canvis clau per assegurar una presentaci\u00f3 atractiva i destacada al mercat.<\/p>\n\n<\/div><\/div>\n\n<div class=\"gb-grid-column gb-grid-column-2f9b32d2\"><div class=\"gb-container gb-container-2f9b32d2\">\n\n<div class=\"gb-headline gb-headline-969ba407 gb-headline-text gb-headline-big\" data-title=\"5\">5<\/div>\n\n\n\n<h3 class=\"gb-headline gb-headline-f28b9351 gb-headline-text gb-headline-titol\">Comunicaci\u00f3 i Transpar\u00e8ncia<\/h3>\n\n\n\n<p class=\"gb-headline gb-headline-08178663 gb-headline-text\">Mantenim una comunicaci\u00f3 constant i transparent amb tu durant tot el proc\u00e9s de venda. T&#8217;informem sobre cada pas, des de les visites de compradors fins a les negociacions finals, assegurant un proc\u00e9s clar i sense complicacions.<\/p>\n\n<\/div><\/div>\n\n<div class=\"gb-grid-column gb-grid-column-26932dd6\"><div class=\"gb-container gb-container-26932dd6\">\n\n<div class=\"gb-headline gb-headline-7729081f gb-headline-text gb-headline-big\" data-title=\"6\">6<\/div>\n\n\n\n<h3 class=\"gb-headline gb-headline-e053df94 gb-headline-text gb-headline-titol\">Xarxa de Contactes i Rapidesa<\/h3>\n\n\n\n<p class=\"gb-headline gb-headline-798c1c64 gb-headline-text\">La nostra \u00e0mplia xarxa de contactes ens permet connectar la teva propietat amb el comprador adequat de manera eficient. Tot i que ens enfoquem en la qualitat de l&#8217;acord m\u00e9s que no pas en la rapidesa, el nostre enfocament proactiu accelera el proc\u00e9s de venda.<\/p>\n\n<\/div><\/div>\n<\/div>\n\n<div class=\"gb-container gb-container-36a8b1ae\">\n\n<a class=\"gb-button gb-button-932c348a gb-button-text gb-button-taronja\" href=\"https:\/\/finquesmartell.com\/ca\/contacte\/\">Vull M\u00c9S INFORMACI\u00d3<\/a>\n\n<\/div>\n<\/div>\n<\/div>\n\n<div class=\"gb-container gb-container-1d3e567b gb-container-seccio\">\n<div class=\"gb-container gb-container-12b77676\">\n<div class=\"gb-container gb-container-a50efbe4\">\n\n<h2 class=\"gb-headline gb-headline-8ff8a5f1 gb-headline-text gb-headline-big\">\u00c0rea Client 24h.<\/h2>\n\n\n\n<h3 class=\"gb-headline gb-headline-666b00a1 gb-headline-text gb-headline-medium\">Tot a la m\u00e0 i en qualsevol moment<\/h3>\n\n\n\n<p class=\"gb-headline gb-headline-9e469cdb gb-headline-text\">Amb l&#8217;\u00e0rea de clients en l\u00ednia tindr\u00e0s acc\u00e9s les 24<br>hores del dia als teus contractes, incid\u00e8ncies i<br>liquidacions, i podr\u00e0s controlar l&#8217;historial de<br>gestions, pressupostos i la situaci\u00f3 de morositat.<br>Mantingues el control de manera f\u00e0cil i r\u00e0pida.<br>On vulguis i quan vulguis.<\/p>\n\n\n\n<a class=\"gb-button gb-button-bc519493 gb-button-text gb-button-blau-outline\" href=\"https:\/\/administracioonline.finquesmartell.com\/#\/login\" target=\"_blank\" rel=\"noopener noreferrer\">Descobreix la nostra \u00c0REA CLIENT<\/a>\n\n<\/div>\n<\/div>\n<\/div>\n\n<div class=\"gb-container gb-container-9698b281 gb-container-seccio\">\n<div class=\"gb-container gb-container-f5f573be gb-container-seccio-inner\">\n\n<h2 class=\"gb-headline gb-headline-2edb4225 gb-headline-text gb-headline-normal-plus\">Per qu\u00e8 escollir-nos per a la venda de pisos a Barcelona?<\/h2>\n\n\n<div class=\"gb-container gb-container-03afb610\"><\/div>\n<\/div>\n\n<div class=\"gb-container gb-container-eb21ec39 gb-container-seccio-inner\">\n<div class=\"gb-grid-wrapper gb-grid-wrapper-12de6023\">\n<div class=\"gb-grid-column gb-grid-column-b5f946ed\"><div class=\"gb-container gb-container-b5f946ed\">\n<div class=\"gb-container gb-container-7d5ae67a\">\n\n<h3 class=\"gb-headline gb-headline-c390dfa8 gb-headline-text gb-headline-titol\">Experts al mercat local<\/h3>\n\n\n\n<p class=\"has-text-align-left has-contrast-2-color has-text-color has-link-color wp-elements-918bf8b1a8b24194f409df6ec959a484\">Coneixem les tend\u00e8ncies i oportunitats del mercat immobiliari de Barcelona, \u200b\u200bcosa que ens permet oferir-te les millors opcions per a la venda de pisos a Barcelona.<\/p>\n\n\n\n<h3 class=\"gb-headline gb-headline-027b638b gb-headline-text gb-headline-titol\">Assessorament integral<\/h3>\n\n\n\n<p class=\"has-text-align-left has-contrast-2-color has-text-color has-link-color wp-elements-7b41f88675b1dd9a1eca5181c4a6dd69\">No nom\u00e9s us ajudem a trobar el pis ideal, sin\u00f3 que tamb\u00e9 us assessorem en cada pas del proc\u00e9s de compra.<\/p>\n\n<\/div>\n\n<div class=\"gb-container gb-container-9873241c\">\n\n<figure class=\"wp-block-image size-thumbnail is-style-default\"><img loading=\"lazy\" decoding=\"async\" width=\"300\" height=\"300\" src=\"https:\/\/finquesmartell.com\/wp-content\/uploads\/2023\/11\/11-300x300.png\" alt=\"venda de pisos a barcelona\" class=\"wp-image-36913\" style=\"aspect-ratio:1;object-fit:cover\"\/><\/figure>\n\n<\/div>\n<\/div><\/div>\n\n<div class=\"gb-grid-column gb-grid-column-2e51fd4d\"><div class=\"gb-container gb-container-2e51fd4d\">\n<div class=\"gb-container gb-container-9f219832\">\n\n<figure class=\"wp-block-image size-thumbnail is-style-default\"><img loading=\"lazy\" decoding=\"async\" width=\"300\" height=\"300\" src=\"https:\/\/finquesmartell.com\/wp-content\/uploads\/2023\/11\/13-300x300.png\" alt=\"Venda de pisos a Barcelona\" class=\"wp-image-36919\" style=\"aspect-ratio:1;object-fit:cover\"\/><\/figure>\n\n<\/div>\n\n<div class=\"gb-container gb-container-7f29b7e9\">\n\n<h2 class=\"gb-headline gb-headline-ca710db7 gb-headline-text gb-headline-titol\">Comprom\u00eds amb la qualitat<\/h2>\n\n\n\n<p class=\"has-contrast-2-color has-text-color has-link-color wp-elements-3596779b8070e49a23bbd1aea67f070e\">Seleccionem acuradament cada propietat, assegurant-nos que compleixi els nostres alts est\u00e0ndards de qualitat.<\/p>\n\n\n\n<h2 class=\"gb-headline gb-headline-928f4e5b gb-headline-text gb-headline-titol\">transpar\u00e8ncia i confian\u00e7a<\/h2>\n\n\n\n<p class=\"has-contrast-2-color has-text-color has-link-color wp-elements-62ce5ef9a107a1b98bf29252ad06f830\">Mantenim una comunicaci\u00f3 clara i honesta en tot moment.<\/p>\n\n<\/div>\n<\/div><\/div>\n<\/div>\n<\/div>\n<\/div>\n\n<div class=\"gb-container gb-container-8cabf6ee gb-container-seccio\">\n<div class=\"gb-container gb-container-c648ac1f gb-container-seccio-inner\">\n<div class=\"gb-grid-wrapper gb-grid-wrapper-a665147e\">\n<div class=\"gb-grid-column gb-grid-column-d578d0bb\"><div class=\"gb-container gb-container-d578d0bb\">\n<div class=\"gb-container gb-container-b2fdb495\">\n\n<h2 class=\"gb-headline gb-headline-6bdc6b05 gb-headline-text gb-headline-big\">Vols vendre amb les millors<br>condicions?<\/h2>\n\n<\/div>\n\n<div class=\"gb-container gb-container-14943ea4\">\n\n<a class=\"gb-button gb-button-a44f3b8e gb-button-text gb-button-quadrats\" href=\"mailto:comercial@finquesmartell.com?subject=Contacto%20web%20comercial\" target=\"_blank\" rel=\"noopener noreferrer\">Vull m\u00e9s <strong>informaci\u00f3<\/strong><\/a>\n\n<\/div>\n<\/div><\/div>\n\n<div class=\"gb-grid-column gb-grid-column-d1317251\"><div class=\"gb-container gb-container-d1317251\">\n<div class=\"gb-container gb-container-48775f2e\">\n\n<a class=\"gb-button gb-button-d280d01f gb-button-text gb-button-quadrats\" href=\"https:\/\/finquesmartell.com\/ca\/inmuebles\/\">Vull <strong>VEURE&#8217;LS<\/strong><\/a>\n\n<\/div>\n\n<div class=\"gb-container gb-container-e3bafa67\">\n\n<h2 class=\"gb-headline gb-headline-d92fd215 gb-headline-text gb-headline-big\">Vols comprar o llogar?<br>Mira la nostra oferta<\/h2>\n\n<\/div>\n<\/div><\/div>\n\n<div class=\"gb-grid-column gb-grid-column-f0156842\"><div class=\"gb-container gb-container-f0156842\">\n<div class=\"gb-container gb-container-a3d1f4f2\">\n\n<h2 class=\"gb-headline gb-headline-af4e5ee6 gb-headline-text gb-headline-big\">Vols invertir-hi? Obtingues alts<br>beneficis assegurats<\/h2>\n\n<\/div>\n\n<div class=\"gb-container gb-container-0fbdb821\">\n\n<a class=\"gb-button gb-button-923feb35 gb-button-text gb-button-quadrats\" href=\"mailto:comercial@finquesmartell.com?subject=Contacto%20web%20comercial\" target=\"_blank\" rel=\"noopener noreferrer\">Vull <strong>INVERTIR<\/strong><\/a>\n\n<\/div>\n<\/div><\/div>\n<\/div>\n<\/div>\n<\/div>\n\n<div class=\"gb-container gb-container-c9b02b87 gb-container-seccio\">\n<div class=\"gb-container gb-container-cd8c8558 gb-container-seccio-inner\">\n<div class=\"gb-container gb-container-89ded150 gb-container-seccio-inner\">\n\n<h2 class=\"gb-headline gb-headline-f523392d gb-headline-text gb-headline-normal-plus\">PREGUNTES FREQ\u00dcENTS (FAQ)<\/h2>\n\n\n<div class=\"gb-container gb-container-3102c608\"><\/div>\n<\/div>\n\n<div id=\"rank-math-faq\" class=\"rank-math-block\">\n<ol class=\"rank-math-list \">\n<li id=\"faq-question-1698334660771\" class=\"rank-math-list-item\">\n<h3 class=\"rank-math-question \">Com sestableix el preu de venda?<\/h3>\n<div class=\"rank-math-answer \">\n\n<p>A trav\u00e9s d&#8217;una an\u00e0lisi detallada del mercat feta pels nostres experts, considerant factors clau per determinar un preu competitiu i just, ajustat a les caracter\u00edstiques actuals del mercat.  <\/p>\n\n<\/div>\n<\/li>\n<li id=\"faq-question-1698334680897\" class=\"rank-math-list-item\">\n<h3 class=\"rank-math-question \">Quines estrat\u00e8gies de m\u00e0rqueting es fan servir?<\/h3>\n<div class=\"rank-math-answer \">\n\n<p>Utilitzem estrat\u00e8gies combinades de m\u00e0rqueting digital i tradicional, personalitzant les estrat\u00e8gies per a cada propietat i maximitzant-ne l&#8217;exposici\u00f3. D&#8217;aquesta manera obtenim un abast ampli de l&#8217;oferta, cosa que en facilita la venda.<\/p>\n\n<\/div>\n<\/li>\n<li id=\"faq-question-1698334691071\" class=\"rank-math-list-item\">\n<h3 class=\"rank-math-question \">Quin \u00e9s el temps mitj\u00e0 de venda?<\/h3>\n<div class=\"rank-math-answer \">\n\n<p>Varia segons diversos factors, per\u00f2 el nostre enfocament proactiu i xarxa de contactes solen accelerar el proc\u00e9s, sempre buscant el millor acord i el proc\u00e9s m\u00e9s senzill i r\u00e0pid per a totes les parts.<\/p>\n\n<\/div>\n<\/li>\n<li id=\"faq-question-1698334705217\" class=\"rank-math-list-item\">\n<h3 class=\"rank-math-question \">Quines mesures pren Finques Martell per garantir la transpar\u00e8ncia en la gesti\u00f3?<\/h3>\n<div class=\"rank-math-answer \">\n\n<p>La transpar\u00e8ncia \u00e9s un dels nostres pilars fonamentals. Oferim als nostres clients acc\u00e9s 24\/7 a tota la informaci\u00f3 relacionada amb el patrimoni a trav\u00e9s del nostre \u00c0rea Client. A m\u00e9s, mantenim una comunicaci\u00f3 constant i oberta, assegurant-nos que els nostres clients estiguin informats i satisfets a cada pas del proc\u00e9s.<\/p>\n\n<\/div>\n<\/li>\n<\/ol>\n<\/div>\n<\/div>\n<\/div>\n\n<div class=\"gb-container gb-container-eea18eb6 gb-container-seccio\">\n<div class=\"gb-container gb-container-96f4259e gb-container-seccio-inner\">\n\n<h2 class=\"gb-headline gb-headline-cef8b028 gb-headline-text gb-headline-big\" data-title=\"Nuestras Instalaciones\">Instal\u00b7lacions<\/h2>\n\n\n\n<a class=\"gb-button gb-button-736a2376 gb-button-text gb-button-taronja\" href=\"https:\/\/finquesmartell.com\/ca\/les-nostres-installacions\/\">Les nostres instal\u00b7lacions<\/a>\n\n<\/div>\n<\/div>\n\n<div class=\"gb-container gb-container-99ec38df\">\n<div class=\"gb-container gb-container-660fcdc5\">\n\n<p class=\"has-text-align-center has-color-color has-text-color has-link-color has-small-font-size wp-elements-bad31d49f1f78a22a24fd804173089b7\"><strong>Segueix-nos a Instagram<\/strong><\/p>\n\n\n<div class=\"gb-button-wrapper gb-button-wrapper-0185ac84\">\n\n<a class=\"gb-button gb-button-aab23158\" href=\"https:\/\/www.instagram.com\/finques_martell\/\" target=\"_blank\" rel=\"noopener\"><span class=\"gb-icon\"><svg xmlns=\"http:\/\/www.w3.org\/2000\/svg\" aria-hidden=\"true\" height=\"1em\" width=\"1em\" viewBox=\"0 0 448 512\"><path fill=\"currentColor\" d=\"M224.1 141c-63.6 0-114.9 51.3-114.9 114.9s51.3 114.9 114.9 114.9S339 319.5 339 255.9 287.7 141 224.1 141zm0 189.6c-41.1 0-74.7-33.5-74.7-74.7s33.5-74.7 74.7-74.7 74.7 33.5 74.7 74.7-33.6 74.7-74.7 74.7zm146.4-194.3c0 14.9-12 26.8-26.8 26.8-14.9 0-26.8-12-26.8-26.8s12-26.8 26.8-26.8 26.8 12 26.8 26.8zm76.1 27.2c-1.7-35.9-9.9-67.7-36.2-93.9-26.2-26.2-58-34.4-93.9-36.2-37-2.1-147.9-2.1-184.9 0-35.8 1.7-67.6 9.9-93.9 36.1s-34.4 58-36.2 93.9c-2.1 37-2.1 147.9 0 184.9 1.7 35.9 9.9 67.7 36.2 93.9s58 34.4 93.9 36.2c37 2.1 147.9 2.1 184.9 0 35.9-1.7 67.7-9.9 93.9-36.2 26.2-26.2 34.4-58 36.2-93.9 2.1-37 2.1-147.8 0-184.8zM398.8 388c-7.8 19.6-22.9 34.7-42.6 42.6-29.5 11.7-99.5 9-132.1 9s-102.7 2.6-132.1-9c-19.6-7.8-34.7-22.9-42.6-42.6-11.7-29.5-9-99.5-9-132.1s-2.6-102.7 9-132.1c7.8-19.6 22.9-34.7 42.6-42.6 29.5-11.7 99.5-9 132.1-9s102.7-2.6 132.1 9c19.6 7.8 34.7 22.9 42.6 42.6 11.7 29.5 9 99.5 9 132.1s2.7 102.7-9 132.1z\"><\/path><\/svg><\/span><\/a>\n\n<\/div>\n<\/div>\n<\/div>","protected":false},"excerpt":{"rendered":"<p>Vens un immoble? El teu objectiu \u00e9s el nostre prop\u00f2sit Col\u00b7laborem i us assessorem de principi a fi per aconseguir<\/p>\n","protected":false},"author":1,"featured_media":13294,"parent":11056,"menu_order":0,"comment_status":"closed","ping_status":"closed","template":"","meta":{"_acf_changed":false,"CBBTypography":[],"footnotes":""},"class_list":{"0":"post-37496","1":"page","2":"type-page","3":"status-publish","4":"has-post-thumbnail","6":"no-featured-image-padding"},"acf":[],"_links":{"self":[{"href":"https:\/\/finquesmartell.com\/ca\/wp-json\/wp\/v2\/pages\/37496","targetHints":{"allow":["GET"]}}],"collection":[{"href":"https:\/\/finquesmartell.com\/ca\/wp-json\/wp\/v2\/pages"}],"about":[{"href":"https:\/\/finquesmartell.com\/ca\/wp-json\/wp\/v2\/types\/page"}],"author":[{"embeddable":true,"href":"https:\/\/finquesmartell.com\/ca\/wp-json\/wp\/v2\/users\/1"}],"replies":[{"embeddable":true,"href":"https:\/\/finquesmartell.com\/ca\/wp-json\/wp\/v2\/comments?post=37496"}],"version-history":[{"count":5,"href":"https:\/\/finquesmartell.com\/ca\/wp-json\/wp\/v2\/pages\/37496\/revisions"}],"predecessor-version":[{"id":82659,"href":"https:\/\/finquesmartell.com\/ca\/wp-json\/wp\/v2\/pages\/37496\/revisions\/82659"}],"up":[{"embeddable":true,"href":"https:\/\/finquesmartell.com\/ca\/wp-json\/wp\/v2\/pages\/11056"}],"wp:featuredmedia":[{"embeddable":true,"href":"https:\/\/finquesmartell.com\/ca\/wp-json\/wp\/v2\/media\/13294"}],"wp:attachment":[{"href":"https:\/\/finquesmartell.com\/ca\/wp-json\/wp\/v2\/media?parent=37496"}],"curies":[{"name":"wp","href":"https:\/\/api.w.org\/{rel}","templated":true}]}}